{"id":889,"date":"2023-08-27T10:22:45","date_gmt":"2023-08-27T08:22:45","guid":{"rendered":"https:\/\/kocke-237.de\/les-mekam-tabiegaing\/?page_id=889"},"modified":"2023-09-08T04:06:58","modified_gmt":"2023-09-08T02:06:58","slug":"chapitre-ii-historique","status":"publish","type":"page","link":"https:\/\/kocke-237.de\/les-mekam-tabiegaing\/chapitre-ii-historique\/","title":{"rendered":"Chapitre II Historique"},"content":{"rendered":"\n<section>\n    <div style=\"background-color: #DAEEF3\" id=\"slmtchap2\">\n        <h3 style=\"text-align: center\">Chapitre II Historique<\/h3>\n        <p id=\"art2.1slmt\">\n            <b>Article 2.1<\/b> Id\u00e9es de <a style=\"color: #0070C0\" href=\"https:\/\/kocke-237.de\/les-mekam-tabiegaing\/cv\/#Cv\">Jean KOUAM<\/a>, <a style=\"color: #0070C0\" href=\"https:\/\/kocke-237.de\/les-mekam-tabiegaing\/idees-directrices\/#id-chap1-a1.1\">Mekam Tabiegaing<\/a> <a style=\"color: #0070C0\" href=\"https:\/\/kocke-237.de\/les-mekam-tabiegaing\/jkmt6-202109160654\/#texte.p6\">6<\/a>, <a style=\"color: #0070C0\" href=\"https:\/\/kocke-237.de\/les-mekam-tabiegaing\/smt\/#art1slmt\">SMT<\/a> a \u00e9t\u00e9 propos\u00e9e en la s\u00e9ance de l\u2019<a style=\"color: #0070C0\" href=\"https:\/\/kocke-237.de\/les-mekam-tabiegaing\/chapitre-ii-interventions-ou-publications\/#reglementchap2a2.6\">assembl\u00e9e g\u00e9n\u00e9rale<\/a> (AG) du 17 ao\u00fbt 1997, et adopt\u00e9e ce m\u00eame jour pour aller <a style=\"color: #0070C0\" href=\"https:\/\/kocke-237.de\/les-mekam-tabiegaing\/calendriers\/#calendrier\">du deuxi\u00e8me au troisi\u00e8me dimanche, du mois d\u2019ao\u00fbt de chaque ann\u00e9e \u00e0 compter de l\u2019ann\u00e9e 1998<\/a>.\n        <\/p>\n\n        <p id=\"art2.2slmt\">\n            <b>Article 2.2<\/b> Rompant avec la tradition orale, ce texte de pilotage d\u2019une <a style=\"color: #0070C0\" href=\"https:\/\/kocke-237.de\/les-mekam-tabiegaing\/smt\/#semaine\">semaine annuelle \u00ab\u00a0Les Mekam Tabiegaing\u00a0\u00bb<\/a>, est sur initiative de <a style=\"color: #0070C0\" href=\"https:\/\/kocke-237.de\/les-mekam-tabiegaing\/cv\/#Cv \">Jean KOUAM<\/a>, devenu \u00ab\u00a0<a style=\"color: #0070C0\" href=\"https:\/\/kocke-237.de\/les-mekam-tabiegaing\/idees-directrices\/#id-chap1-a1.1\">Mekam Tabiegaing<\/a> <a style=\"color: #0070C0\" href=\"https:\/\/kocke-237.de\/les-mekam-tabiegaing\/jkmt6-202109160654\/#texte.p6\">6<\/a>\u00a0\u00bb le 14 juillet 1981.\n        <\/p>\n    <\/div>\n<\/section>\n<div style=\"text-align: center\">\n    <a href=\"https:\/\/kocke-237.de\/les-mekam-tabiegaing\/smt\/#bouton\"><img decoding=\"async\" src=\"http:\/\/kocke-237.de\/concertation\/wp-content\/uploads\/sites\/6\/2023\/08\/icons-retour.png\" alt=\"\"><\/a>\n<\/div>\n","protected":false},"excerpt":{"rendered":"<p>Chapitre II Historique Article 2.1 Id\u00e9es de Jean KOUAM, Mekam Tabiegaing 6, SMT a \u00e9t\u00e9 propos\u00e9e en la s\u00e9ance de l\u2019assembl\u00e9e g\u00e9n\u00e9rale (AG) du 17 ao\u00fbt 1997, et adopt\u00e9e ce m\u00eame jour pour aller du deuxi\u00e8me au troisi\u00e8me dimanche, du mois d\u2019ao\u00fbt de chaque ann\u00e9e \u00e0 compter de l\u2019ann\u00e9e 1998. Article 2.2 Rompant avec la tradition orale, ce texte de pilotage d\u2019une semaine annuelle \u00ab\u00a0Les Mekam Tabiegaing\u00a0\u00bb, est sur initiative de Jean KOUAM, devenu \u00ab\u00a0Mekam Tabiegaing 6\u00a0\u00bb le 14 juillet 1981.<\/p>\n","protected":false},"author":4,"featured_media":0,"parent":0,"menu_order":0,"comment_status":"closed","ping_status":"closed","template":"","meta":{"_kadence_starter_templates_imported_post":false,"footnotes":""},"_links":{"self":[{"href":"https:\/\/kocke-237.de\/les-mekam-tabiegaing\/wp-json\/wp\/v2\/pages\/889"}],"collection":[{"href":"https:\/\/kocke-237.de\/les-mekam-tabiegaing\/wp-json\/wp\/v2\/pages"}],"about":[{"href":"https:\/\/kocke-237.de\/les-mekam-tabiegaing\/wp-json\/wp\/v2\/types\/page"}],"author":[{"embeddable":true,"href":"https:\/\/kocke-237.de\/les-mekam-tabiegaing\/wp-json\/wp\/v2\/users\/4"}],"replies":[{"embeddable":true,"href":"https:\/\/kocke-237.de\/les-mekam-tabiegaing\/wp-json\/wp\/v2\/comments?post=889"}],"version-history":[{"count":3,"href":"https:\/\/kocke-237.de\/les-mekam-tabiegaing\/wp-json\/wp\/v2\/pages\/889\/revisions"}],"predecessor-version":[{"id":989,"href":"https:\/\/kocke-237.de\/les-mekam-tabiegaing\/wp-json\/wp\/v2\/pages\/889\/revisions\/989"}],"wp:attachment":[{"href":"https:\/\/kocke-237.de\/les-mekam-tabiegaing\/wp-json\/wp\/v2\/media?parent=889"}],"curies":[{"name":"wp","href":"https:\/\/api.w.org\/{rel}","templated":true}]}}